{"id":12512,"date":"2026-04-30T12:09:42","date_gmt":"2026-04-30T10:09:42","guid":{"rendered":"https:\/\/ubgen.com\/evento\/eao-lisboa-2026\/"},"modified":"2026-04-30T12:09:42","modified_gmt":"2026-04-30T10:09:42","slug":"eao-lisboa-2026","status":"publish","type":"eventos","link":"https:\/\/ubgen.com\/es\/eventos\/eao-lisboa-2026\/","title":{"rendered":"EAO LISBOA 2026"},"content":{"rendered":"","protected":false},"featured_media":12505,"parent":0,"template":"","category_eventos":[12],"class_list":["post-12512","eventos","type-eventos","status-publish","has-post-thumbnail","hentry","category_eventos-expo"],"acf":{"event_name":"EAO LISBOA 2026","event_single_post_hero_text":"<span style=\"color: #e95296;\">EAO<\/span> LISBOA 2026","event_location_text":"Centro de Congresos de Lisboa","event_date_text":"24 - 26 SEPTIEMBRE 2026","event_start_date":"20260924","event_end_date":"20260926","event_thumbnail_image":12505,"event_description":"<h1><strong>EAO LISBOA 2026<\/strong><\/h1>\n<strong>La EAO - Asociaci\u00f3n Europea de Osteointegraci\u00f3n<\/strong> representa uno de los congresos cient\u00edficos internacionales de mayor autoridad en el campo de la implantolog\u00eda y la regeneraci\u00f3n \u00f3sea. Cada a\u00f1o re\u00fane a cl\u00ednicos, investigadores y empresas de todo el mundo para compartir pruebas cient\u00edficas, debatir protocolos cl\u00ednicos y contribuir a la evoluci\u00f3n de la disciplina. \n\nLa edici\u00f3n de 2026 se celebrar\u00e1 en Lisboa del 24 al 26 de septiembre y estar\u00e1 guiada por un tema clave para el futuro de la pr\u00e1ctica cl\u00ednica: <strong>Proporcionar Salud y Previsibilidad: Configurar el Futuro de la Atenci\u00f3n al Paciente<\/strong>.\n\nEl congreso explorar\u00e1 enfoques innovadores para mejorar la salud de los pacientes y garantizar resultados cl\u00ednicos predecibles, ofreciendo un programa cient\u00edfico de primera clase con la participaci\u00f3n de m\u00e1s de 90 ponentes de 20 pa\u00edses. Las sesiones abordar\u00e1n temas fundamentales como la gesti\u00f3n de las complicaciones, las estrategias interdisciplinarias, la evoluci\u00f3n de la cirug\u00eda implantol\u00f3gica y las nuevas fronteras de la implantolog\u00eda. \n\nUna caracter\u00edstica distintiva de la edici\u00f3n de 2026 ser\u00e1 el fuerte impulso a la colaboraci\u00f3n internacional, gracias tambi\u00e9n a la asociaci\u00f3n con la Sociedad Brasile\u00f1a de Periodoncia e Implantes (SOBRAPI), que enriquecer\u00e1 a\u00fan m\u00e1s el debate cient\u00edfico y cl\u00ednico.\n\n<span style=\"color: #ea5198;\"><b>Descubre el futuro de la regeneraci\u00f3n tisular.<\/b><\/span>\n<div class=\"uk-position-relative uk-margin\">\n\nEstaremos presentes en Lisboa para compartir nuestra visi\u00f3n y soluciones en el campo de la regeneraci\u00f3n tisular.\n\nNuestro equipo estar\u00e1 presente para presentar biomateriales, discutir casos cl\u00ednicos y explorar c\u00f3mo nuestras tecnolog\u00edas pueden apoyar una pr\u00e1ctica cada vez m\u00e1s predecible y eficaz. Una oportunidad para entrar en contacto con una comunidad internacional de profesionales y vivir una experiencia altamente cient\u00edfica. \n\n<span style=\"color: #ea5198;\"><b>Una experiencia m\u00e1s all\u00e1 del stand.<\/b><\/span>\n\n<\/div>\n<div class=\"uk-position-relative uk-margin\">\n<div class=\"uk-position-relative uk-margin\">\n\nEn esta edici\u00f3n, tambi\u00e9n formaremos parte activa del programa de la EAO con una <strong>actividad pr\u00e1ctica<\/strong> dedicada, de la que pronto daremos m\u00e1s detalles. Un evento formativo exclusivo dise\u00f1ado para proporcionar una experiencia pr\u00e1ctica en profundidad, en l\u00ednea con nuestro compromiso con la formaci\u00f3n cl\u00ednica avanzada. \n\n\u00a0\n\n<em>Inscr\u00edbete en el acto y \u00fanete a nosotros a trav\u00e9s del sitio web oficial de la EAO.<\/em>\n\n<i>\u00a1Nos vemos en Lisboa!<\/i><\/div>\n\u00a0\n\n<\/div>","event_post_card_color":"","event_tutor":"","event_tutor_picture":"","event_address":"Stand I06 - Pabell\u00f3n 3","event_expo_address_detail":"Stand I06 - Pabell\u00f3n 3","event_expo_address_link_text":"Visite el sitio del evento","event_expo_address_link":"https:\/\/congress.eao.org\/en\/","event-pdf":"","event_researcher_website":"","event_info_text_1":"","event_info_text_2":"","event_days_accordion":null,"event_name_single_info":"","event_single_picture_1":"","event_single_picture_2":"","event_single_picture_2_caption":"","event_start":"20260924"},"_links":{"self":[{"href":"https:\/\/ubgen.com\/es\/wp-json\/wp\/v2\/eventos\/12512","targetHints":{"allow":["GET"]}}],"collection":[{"href":"https:\/\/ubgen.com\/es\/wp-json\/wp\/v2\/eventos"}],"about":[{"href":"https:\/\/ubgen.com\/es\/wp-json\/wp\/v2\/types\/eventos"}],"version-history":[{"count":0,"href":"https:\/\/ubgen.com\/es\/wp-json\/wp\/v2\/eventos\/12512\/revisions"}],"wp:featuredmedia":[{"embeddable":true,"href":"https:\/\/ubgen.com\/es\/wp-json\/wp\/v2\/media\/12505"}],"wp:attachment":[{"href":"https:\/\/ubgen.com\/es\/wp-json\/wp\/v2\/media?parent=12512"}],"wp:term":[{"taxonomy":"category_eventos","embeddable":true,"href":"https:\/\/ubgen.com\/es\/wp-json\/wp\/v2\/category_eventos?post=12512"}],"curies":[{"name":"wp","href":"https:\/\/api.w.org\/{rel}","templated":true}]}}