{"id":6897,"date":"2024-12-20T08:37:46","date_gmt":"2024-12-20T07:37:46","guid":{"rendered":"https:\/\/test.ubgen.com\/trabaja-con-nosotros\/"},"modified":"2025-02-10T08:03:20","modified_gmt":"2025-02-10T07:03:20","slug":"trabaja-con-nosotros","status":"publish","type":"page","link":"https:\/\/ubgen.com\/es\/trabaja-con-nosotros\/","title":{"rendered":"Trabaja con nosotros"},"content":{"rendered":"\t\t<div data-elementor-type=\"wp-page\" data-elementor-id=\"6897\" class=\"elementor elementor-6897 elementor-286\" data-elementor-post-type=\"page\">\n\t\t\t\t<div class=\"elementor-element elementor-element-e94629e e-flex e-con-boxed e-con e-parent\" data-id=\"e94629e\" data-element_type=\"container\" data-e-type=\"container\" id=\"hero-banner-lavora\">\n\t\t\t\t\t<div class=\"e-con-inner\">\n\t\t<div class=\"elementor-element elementor-element-476489f e-con-full e-flex e-con e-child\" data-id=\"476489f\" data-element_type=\"container\" data-e-type=\"container\">\n\t\t\t\t<div class=\"elementor-element elementor-element-259a037 elementor-widget elementor-widget-text-editor\" data-id=\"259a037\" data-element_type=\"widget\" data-e-type=\"widget\" data-widget_type=\"text-editor.default\">\n\t\t\t\t\t\t\t\t\t<p>DESCUBRA<\/p>\t\t\t\t\t\t\t\t<\/div>\n\t\t\t\t<div class=\"elementor-element elementor-element-d0d385e elementor-widget elementor-widget-text-editor\" data-id=\"d0d385e\" data-element_type=\"widget\" data-e-type=\"widget\" data-widget_type=\"text-editor.default\">\n\t\t\t\t\t\t\t\t\t<p><strong>NUESTRAS<\/strong><br><strong>OPORTUNIDADES<\/strong><br><span style=\"color: #e95296;\"><strong>DE EMPLEO<\/strong><\/span><\/p>\t\t\t\t\t\t\t\t<\/div>\n\t\t\t\t<\/div>\n\t\t\t\t\t<\/div>\n\t\t\t\t<\/div>\n\t\t<div class=\"elementor-element elementor-element-b201108 e-flex e-con-boxed e-con e-parent\" data-id=\"b201108\" data-element_type=\"container\" data-e-type=\"container\">\n\t\t\t\t\t<div class=\"e-con-inner\">\n\t\t\t\t<div class=\"elementor-element elementor-element-351cdae elementor-widget elementor-widget-text-editor\" data-id=\"351cdae\" data-element_type=\"widget\" data-e-type=\"widget\" data-widget_type=\"text-editor.default\">\n\t\t\t\t\t\t\t\t\t<p><span style=\"color: #e95296;\">Buscamos <\/span>nuevos talentos<br>dispuestos a marcar la diferencia.<\/p>\t\t\t\t\t\t\t\t<\/div>\n\t\t\t\t\t<\/div>\n\t\t\t\t<\/div>\n\t\t<div class=\"elementor-element elementor-element-1bc2f47 e-flex e-con-boxed e-con e-parent\" data-id=\"1bc2f47\" data-element_type=\"container\" data-e-type=\"container\">\n\t\t\t\t\t<div class=\"e-con-inner\">\n\t\t<div class=\"elementor-element elementor-element-f787750 e-flex e-con-boxed e-con e-child\" data-id=\"f787750\" data-element_type=\"container\" data-e-type=\"container\">\n\t\t\t\t\t<div class=\"e-con-inner\">\n\t\t<div class=\"elementor-element elementor-element-aced4bc e-con-full e-flex e-con e-child\" data-id=\"aced4bc\" data-element_type=\"container\" data-e-type=\"container\" data-settings=\"{&quot;animation&quot;:&quot;none&quot;}\">\n\t\t<div class=\"elementor-element elementor-element-f1a5208 e-con-full e-flex e-con e-child\" data-id=\"f1a5208\" data-element_type=\"container\" data-e-type=\"container\" data-settings=\"{&quot;motion_fx_motion_fx_scrolling&quot;:&quot;yes&quot;,&quot;motion_fx_translateY_effect&quot;:&quot;yes&quot;,&quot;motion_fx_translateY_affectedRange&quot;:{&quot;unit&quot;:&quot;%&quot;,&quot;size&quot;:&quot;&quot;,&quot;sizes&quot;:{&quot;start&quot;:0,&quot;end&quot;:50}},&quot;motion_fx_opacity_effect&quot;:&quot;yes&quot;,&quot;motion_fx_opacity_range&quot;:{&quot;unit&quot;:&quot;%&quot;,&quot;size&quot;:&quot;&quot;,&quot;sizes&quot;:{&quot;start&quot;:0,&quot;end&quot;:50}},&quot;motion_fx_translateY_speed&quot;:{&quot;unit&quot;:&quot;px&quot;,&quot;size&quot;:4,&quot;sizes&quot;:[]},&quot;motion_fx_opacity_direction&quot;:&quot;out-in&quot;,&quot;motion_fx_opacity_level&quot;:{&quot;unit&quot;:&quot;px&quot;,&quot;size&quot;:10,&quot;sizes&quot;:[]},&quot;motion_fx_devices&quot;:[&quot;desktop&quot;,&quot;tablet&quot;,&quot;mobile&quot;]}\">\n\t\t\t\t<div class=\"elementor-element elementor-element-e3dc7fa elementor-widget elementor-widget-text-editor\" data-id=\"e3dc7fa\" data-element_type=\"widget\" data-e-type=\"widget\" data-widget_type=\"text-editor.default\">\n\t\t\t\t\t\t\t\t\t<p>Lugar de trabajo: Vigonza (PD) \/ Fecha de publicaci\u00f3n: 10\/02\/2025<\/p>\t\t\t\t\t\t\t\t<\/div>\n\t\t\t\t<div class=\"elementor-element elementor-element-13cfc80 elementor-widget elementor-widget-text-editor\" data-id=\"13cfc80\" data-element_type=\"widget\" data-e-type=\"widget\" data-widget_type=\"text-editor.default\">\n\t\t\t\t\t\t\t\t\t<p>Operario de producci\u00f3n<\/p>\t\t\t\t\t\t\t\t<\/div>\n\t\t\t\t<div class=\"elementor-element elementor-element-8d9610f elementor-widget elementor-widget-text-editor\" data-id=\"8d9610f\" data-element_type=\"widget\" data-e-type=\"widget\" data-widget_type=\"text-editor.default\">\n\t\t\t\t\t\t\t\t\t<p><span style=\"font-weight: 400;\">\u00c1rea: Biomateriales para la regeneraci\u00f3n de tejidos en odontolog\u00eda<\/span><\/p><p><span style=\"font-weight: 400;\">Tipo de contrato: Jornada completa, con disponibilidad para trabajar a turnos.<\/span><\/p>\t\t\t\t\t\t\t\t<\/div>\n\t\t\t\t<div class=\"elementor-element elementor-element-2e5ee96 elementor-widget__width-auto elementor-widget elementor-widget-n-accordion\" data-id=\"2e5ee96\" data-element_type=\"widget\" data-e-type=\"widget\" data-settings=\"{&quot;default_state&quot;:&quot;all_collapsed&quot;,&quot;max_items_expended&quot;:&quot;one&quot;,&quot;n_accordion_animation_duration&quot;:{&quot;unit&quot;:&quot;ms&quot;,&quot;size&quot;:400,&quot;sizes&quot;:[]}}\" data-widget_type=\"nested-accordion.default\">\n\t\t\t\t\t\t\t<div class=\"e-n-accordion\" aria-label=\"Accordion. Open links with Enter or Space, close with Escape, and navigate with Arrow Keys\">\n\t\t\t\t\t\t<details id=\"e-n-accordion-item-4860\" class=\"e-n-accordion-item\" >\n\t\t\t\t<summary class=\"e-n-accordion-item-title\" data-accordion-index=\"1\" tabindex=\"0\" aria-expanded=\"false\" aria-controls=\"e-n-accordion-item-4860\" >\n\t\t\t\t\t<span class='e-n-accordion-item-title-header'><div class=\"e-n-accordion-item-title-text\"> M\u00e1s informaci\u00f3n <\/div><\/span>\n\t\t\t\t\t\t\t\t\t<\/summary>\n\t\t\t\t<div role=\"region\" aria-labelledby=\"e-n-accordion-item-4860\" class=\"elementor-element elementor-element-73f749a e-con-full e-flex e-con e-child\" data-id=\"73f749a\" data-element_type=\"container\" data-e-type=\"container\">\n\t\t\t\t<div class=\"elementor-element elementor-element-6b493a6 elementor-widget elementor-widget-text-editor\" data-id=\"6b493a6\" data-element_type=\"widget\" data-e-type=\"widget\" data-widget_type=\"text-editor.default\">\n\t\t\t\t\t\t\t\t\t<p> <\/p><p><span style=\"font-weight: 400;\">UBGEN srl es una empresa italiana especializada en el desarrollo de productos sanitarios avanzados para la regeneraci\u00f3n de tejidos, incluidos sustitutos \u00f3seos bovinos, membranas de pericardio bovino y productos sanitarios para la preparaci\u00f3n de concentrados de plaquetas. Su misi\u00f3n es ofrecer soluciones de alta calidad que sirvan de apoyo a los profesionales de la odontolog\u00eda tanto en su pa\u00eds como en el extranjero. La empresa promueve un entorno de trabajo integrador y estimulante, que valora la colaboraci\u00f3n, la innovaci\u00f3n y la excelencia, y ofrece a sus empleados programas de formaci\u00f3n y desarrollo continuos.  <\/span><\/p><p><b>Actividades:<\/b><\/p><p><span style=\"font-weight: 400;\">&#8211; producci\u00f3n de productos sanitarios en salas blancas;<\/span><\/p><p><span style=\"font-weight: 400;\">&#8211; control de calidad del proceso (pH, pruebas MTT, controles visuales y de integridad de los materiales utilizados, etc.);<\/span><\/p><p><span style=\"font-weight: 400;\">&#8211; recopilaci\u00f3n de formularios relacionados con la producci\u00f3n;<\/span><\/p><p><span style=\"font-weight: 400;\">&#8211; manipulaci\u00f3n de materiales mediante software de gesti\u00f3n;<\/span><\/p><p><span style=\"font-weight: 400;\">&#8211; mantenimiento de los equipos;<\/span><\/p><p><span style=\"font-weight: 400;\">&#8211; reposici\u00f3n del almac\u00e9n.<\/span><\/p><p><b>Requisitos:<\/b><\/p><p><span style=\"font-weight: 400;\">&#8211; diplomado en biotecnolog\u00eda \/ biolog\u00eda \/ qu\u00edmica \/ licenciado en ciencias;<\/span><\/p><p><span style=\"font-weight: 400;\">&#8211; excelente capacidad para utilizar instrumentos de laboratorio;<\/span><\/p><p><span style=\"font-weight: 400;\">&#8211; precisi\u00f3n y buena destreza manual;<\/span><\/p><p><span style=\"font-weight: 400;\">&#8211; excelentes aptitudes para la gesti\u00f3n de relaciones y el trabajo en equipo;<\/span><\/p><p><span style=\"font-weight: 400;\">&#8211; dinamismo, proactividad, atenci\u00f3n al detalle, deseo de crecer.<\/span><\/p><p><span style=\"font-weight: 400;\">Este anuncio se dirige a ambos sexos, de conformidad con las leyes 903\/77 y 125\/91, y a personas de todas las edades y nacionalidades, de conformidad con los decretos legislativos 215\/03 y 216\/03.<\/span><\/p>\t\t\t\t\t\t\t\t<\/div>\n\t\t\t\t<\/div>\n\t\t\t\t\t<\/details>\n\t\t\t\t\t<\/div>\n\t\t\t\t\t\t<\/div>\n\t\t\t\t<\/div>\n\t\t\t\t<\/div>\n\t\t<div class=\"elementor-element elementor-element-da2be99 e-con-full e-flex e-con e-child\" data-id=\"da2be99\" data-element_type=\"container\" data-e-type=\"container\" data-settings=\"{&quot;animation&quot;:&quot;none&quot;}\">\n\t\t<div class=\"elementor-element elementor-element-36d85a8 e-con-full e-flex e-con e-child\" data-id=\"36d85a8\" data-element_type=\"container\" data-e-type=\"container\" data-settings=\"{&quot;motion_fx_motion_fx_scrolling&quot;:&quot;yes&quot;,&quot;motion_fx_translateY_effect&quot;:&quot;yes&quot;,&quot;motion_fx_translateY_affectedRange&quot;:{&quot;unit&quot;:&quot;%&quot;,&quot;size&quot;:&quot;&quot;,&quot;sizes&quot;:{&quot;start&quot;:0,&quot;end&quot;:50}},&quot;motion_fx_opacity_effect&quot;:&quot;yes&quot;,&quot;motion_fx_opacity_range&quot;:{&quot;unit&quot;:&quot;%&quot;,&quot;size&quot;:&quot;&quot;,&quot;sizes&quot;:{&quot;start&quot;:0,&quot;end&quot;:50}},&quot;motion_fx_translateY_speed&quot;:{&quot;unit&quot;:&quot;px&quot;,&quot;size&quot;:4,&quot;sizes&quot;:[]},&quot;motion_fx_opacity_direction&quot;:&quot;out-in&quot;,&quot;motion_fx_opacity_level&quot;:{&quot;unit&quot;:&quot;px&quot;,&quot;size&quot;:10,&quot;sizes&quot;:[]},&quot;motion_fx_devices&quot;:[&quot;desktop&quot;,&quot;tablet&quot;,&quot;mobile&quot;]}\">\n\t\t\t\t<div class=\"elementor-element elementor-element-cb7d304 elementor-widget elementor-widget-text-editor\" data-id=\"cb7d304\" data-element_type=\"widget\" data-e-type=\"widget\" data-widget_type=\"text-editor.default\">\n\t\t\t\t\t\t\t\t\t<p>Lugar de trabajo: Vigonza (PD) \/ Fecha de publicaci\u00f3n: 10\/02\/2025<\/p>\t\t\t\t\t\t\t\t<\/div>\n\t\t\t\t<div class=\"elementor-element elementor-element-23abf7b elementor-widget elementor-widget-text-editor\" data-id=\"23abf7b\" data-element_type=\"widget\" data-e-type=\"widget\" data-widget_type=\"text-editor.default\">\n\t\t\t\t\t\t\t\t\t<p>Jefe de producci\u00f3n<\/p>\t\t\t\t\t\t\t\t<\/div>\n\t\t\t\t<div class=\"elementor-element elementor-element-1001fff elementor-widget elementor-widget-text-editor\" data-id=\"1001fff\" data-element_type=\"widget\" data-e-type=\"widget\" data-widget_type=\"text-editor.default\">\n\t\t\t\t\t\t\t\t\t<p><span style=\"font-weight: 400;\">\u00c1rea: Biomateriales para la regeneraci\u00f3n de tejidos en odontolog\u00eda<\/span><\/p><p><span style=\"font-weight: 400;\">Tipo de contrato: Jornada completa, con disponibilidad para trabajar a turnos.<\/span><\/p>\t\t\t\t\t\t\t\t<\/div>\n\t\t\t\t<div class=\"elementor-element elementor-element-6f6b26b elementor-widget__width-auto elementor-widget elementor-widget-n-accordion\" data-id=\"6f6b26b\" data-element_type=\"widget\" data-e-type=\"widget\" data-settings=\"{&quot;default_state&quot;:&quot;all_collapsed&quot;,&quot;max_items_expended&quot;:&quot;one&quot;,&quot;n_accordion_animation_duration&quot;:{&quot;unit&quot;:&quot;ms&quot;,&quot;size&quot;:400,&quot;sizes&quot;:[]}}\" data-widget_type=\"nested-accordion.default\">\n\t\t\t\t\t\t\t<div class=\"e-n-accordion\" aria-label=\"Accordion. Open links with Enter or Space, close with Escape, and navigate with Arrow Keys\">\n\t\t\t\t\t\t<details id=\"e-n-accordion-item-1160\" class=\"e-n-accordion-item\" >\n\t\t\t\t<summary class=\"e-n-accordion-item-title\" data-accordion-index=\"1\" tabindex=\"0\" aria-expanded=\"false\" aria-controls=\"e-n-accordion-item-1160\" >\n\t\t\t\t\t<span class='e-n-accordion-item-title-header'><div class=\"e-n-accordion-item-title-text\"> M\u00e1s informaci\u00f3n <\/div><\/span>\n\t\t\t\t\t\t\t\t\t<\/summary>\n\t\t\t\t<div role=\"region\" aria-labelledby=\"e-n-accordion-item-1160\" class=\"elementor-element elementor-element-150bc0d e-con-full e-flex e-con e-child\" data-id=\"150bc0d\" data-element_type=\"container\" data-e-type=\"container\">\n\t\t\t\t<div class=\"elementor-element elementor-element-5d4be44 elementor-widget elementor-widget-text-editor\" data-id=\"5d4be44\" data-element_type=\"widget\" data-e-type=\"widget\" data-widget_type=\"text-editor.default\">\n\t\t\t\t\t\t\t\t\t<p> <\/p><p><span style=\"font-weight: 400;\">UBGEN srl es una empresa italiana especializada en el desarrollo de productos sanitarios avanzados para la regeneraci\u00f3n de tejidos, incluidos sustitutos \u00f3seos bovinos, membranas de pericardio bovino y productos sanitarios para la preparaci\u00f3n de concentrados de plaquetas. Su misi\u00f3n es ofrecer soluciones de alta calidad que sirvan de apoyo a los profesionales de la odontolog\u00eda tanto en su pa\u00eds como en el extranjero. La empresa promueve un entorno de trabajo integrador y estimulante, que valora la colaboraci\u00f3n, la innovaci\u00f3n y la excelencia, y ofrece a sus empleados programas de formaci\u00f3n y desarrollo continuos.  <\/span><\/p><p><b>Descripci\u00f3n del puesto:<\/b><span style=\"font-weight: 400;\"> El jefe de producci\u00f3n ser\u00e1 responsable de gestionar y supervisar todo el proceso de producci\u00f3n, garantizando que los productos se fabriquen de acuerdo con las normas y reglamentos de calidad m\u00e1s exigentes. Ser\u00e1 responsable de la eficiencia y la optimizaci\u00f3n de los recursos de producci\u00f3n. <\/span><\/p><p><b>Tareas principales:<\/b><\/p><p><span style=\"font-weight: 400;\">&#8211; Supervisar la producci\u00f3n diaria, garantizando el cumplimiento de los planes de producci\u00f3n, los plazos y las normas de calidad.<\/span><\/p><p><span style=\"font-weight: 400;\">&#8211; Optimice los flujos de trabajo y los procesos de producci\u00f3n para aumentar la eficacia y reducir los costes.<\/span><\/p><p><span style=\"font-weight: 400;\">&#8211; Gesti\u00f3n del equipo de producci\u00f3n, incluida la formaci\u00f3n, el desarrollo y la evaluaci\u00f3n del personal.<\/span><\/p><p><span style=\"font-weight: 400;\">&#8211; Garantizar el suministro correcto de consumibles y material de envasado.<\/span><\/p><p><span style=\"font-weight: 400;\">&#8211; Cumplimentaci\u00f3n de los formularios pertinentes.<\/span><\/p><p><span style=\"font-weight: 400;\">&#8211; Manipulaci\u00f3n de materiales mediante software de gesti\u00f3n para garantizar la trazabilidad de los productos.<\/span><\/p><p><span style=\"font-weight: 400;\">&#8211; Mantenimiento peri\u00f3dico de los equipos de producci\u00f3n.<\/span><\/p><p><span style=\"font-weight: 400;\">&#8211; Colaborar con el departamento de I+D en la implantaci\u00f3n de nuevas tecnolog\u00edas y la optimizaci\u00f3n de los productos existentes.<\/span><\/p><p><span style=\"font-weight: 400;\">&#8211; Garantizar el cumplimiento de la normativa de seguridad y medio ambiente.<\/span><\/p><p><span style=\"font-weight: 400;\">&#8211; Preparar informes de producci\u00f3n detallados para la direcci\u00f3n.<\/span><\/p><p><b>Cualificaciones y competencias:<\/b><\/p><p><span style=\"font-weight: 400;\">&#8211; Licenciado y\/o Diplomado en Biotecnolog\u00eda, Biolog\u00eda, Qu\u00edmica o disciplinas afines.<\/span><\/p><p><span style=\"font-weight: 400;\">&#8211; Al menos 5 a\u00f1os de experiencia en funciones de gesti\u00f3n de producci\u00f3n en entornos regulados, preferiblemente en el sector de biomateriales o productos sanitarios.<\/span><\/p><p><span style=\"font-weight: 400;\">&#8211; Gran capacidad de organizaci\u00f3n y liderazgo.<\/span><\/p><p><span style=\"font-weight: 400;\">&#8211; Conocimiento de las normas ISO para productos sanitarios.<\/span><\/p><p><span style=\"font-weight: 400;\">&#8211; Capacidad para trabajar eficazmente en equipos multidisciplinares.<\/span><\/p><p><span style=\"font-weight: 400;\">&#8211; Excelente capacidad para utilizar instrumentos de laboratorio.<\/span><\/p><p><span style=\"font-weight: 400;\">&#8211; Capacidad para trabajar bajo presi\u00f3n y adaptarse r\u00e1pidamente a los cambios. &#8211; Dominio del italiano y el ingl\u00e9s. <\/span><\/p><p><span style=\"font-weight: 400;\">&#8211; Dinamismo, proactividad, atenci\u00f3n al detalle y deseo de crecer profesionalmente.<\/span><\/p><p><b>Lo que ofrecemos:<\/b><\/p><p><span style=\"font-weight: 400;\">&#8211; Un entorno de trabajo estimulante y vanguardista.<\/span><\/p><p><span style=\"font-weight: 400;\">&#8211; Oportunidades de crecimiento profesional y personal. &#8211; Remuneraci\u00f3n competitiva adecuada a la funci\u00f3n. <\/span><\/p><p><b>C\u00f3mo solicitarlo:<\/b><\/p><p><span style=\"font-weight: 400;\">Si est\u00e1 motivado para unirse a un equipo a la vanguardia de la ingenier\u00eda de tejidos y posee las aptitudes necesarias, env\u00edenos su CV y una carta de presentaci\u00f3n.<\/span><\/p><p><span style=\"font-weight: 400;\">\u00a1\u00danase a nosotros para marcar la diferencia en el mundo de la cirug\u00eda dental regenerativa!<\/span><\/p><p><span style=\"font-weight: 400;\">Este anuncio se dirige a ambos sexos, de conformidad con las leyes 903\/77 y 125\/91, y a personas de todas las edades y nacionalidades, de conformidad con los decretos legislativos 215\/03 y 216\/03.<\/span><\/p>\t\t\t\t\t\t\t\t<\/div>\n\t\t\t\t<\/div>\n\t\t\t\t\t<\/details>\n\t\t\t\t\t<\/div>\n\t\t\t\t\t\t<\/div>\n\t\t\t\t<\/div>\n\t\t\t\t<\/div>\n\t\t<div class=\"elementor-element elementor-element-72c63e4 e-con-full e-flex e-con e-child\" data-id=\"72c63e4\" data-element_type=\"container\" data-e-type=\"container\" data-settings=\"{&quot;animation&quot;:&quot;none&quot;}\">\n\t\t<div class=\"elementor-element elementor-element-15e1c68 e-con-full e-flex e-con e-child\" data-id=\"15e1c68\" data-element_type=\"container\" data-e-type=\"container\" data-settings=\"{&quot;motion_fx_motion_fx_scrolling&quot;:&quot;yes&quot;,&quot;motion_fx_translateY_effect&quot;:&quot;yes&quot;,&quot;motion_fx_translateY_affectedRange&quot;:{&quot;unit&quot;:&quot;%&quot;,&quot;size&quot;:&quot;&quot;,&quot;sizes&quot;:{&quot;start&quot;:0,&quot;end&quot;:50}},&quot;motion_fx_opacity_effect&quot;:&quot;yes&quot;,&quot;motion_fx_opacity_range&quot;:{&quot;unit&quot;:&quot;%&quot;,&quot;size&quot;:&quot;&quot;,&quot;sizes&quot;:{&quot;start&quot;:0,&quot;end&quot;:50}},&quot;motion_fx_translateY_speed&quot;:{&quot;unit&quot;:&quot;px&quot;,&quot;size&quot;:4,&quot;sizes&quot;:[]},&quot;motion_fx_opacity_direction&quot;:&quot;out-in&quot;,&quot;motion_fx_opacity_level&quot;:{&quot;unit&quot;:&quot;px&quot;,&quot;size&quot;:10,&quot;sizes&quot;:[]},&quot;motion_fx_devices&quot;:[&quot;desktop&quot;,&quot;tablet&quot;,&quot;mobile&quot;]}\">\n\t\t\t\t<div class=\"elementor-element elementor-element-ca816d5 elementor-widget elementor-widget-text-editor\" data-id=\"ca816d5\" data-element_type=\"widget\" data-e-type=\"widget\" data-widget_type=\"text-editor.default\">\n\t\t\t\t\t\t\t\t\t<p>Fecha de publicaci\u00f3n: 10\/02\/2025<\/p>\t\t\t\t\t\t\t\t<\/div>\n\t\t\t\t<div class=\"elementor-element elementor-element-0df323a elementor-widget elementor-widget-text-editor\" data-id=\"0df323a\" data-element_type=\"widget\" data-e-type=\"widget\" data-widget_type=\"text-editor.default\">\n\t\t\t\t\t\t\t\t\t<p>Agente comercial<\/p>\t\t\t\t\t\t\t\t<\/div>\n\t\t\t\t<div class=\"elementor-element elementor-element-a4bdb51 elementor-widget__width-auto elementor-widget elementor-widget-n-accordion\" data-id=\"a4bdb51\" data-element_type=\"widget\" data-e-type=\"widget\" data-settings=\"{&quot;default_state&quot;:&quot;all_collapsed&quot;,&quot;max_items_expended&quot;:&quot;one&quot;,&quot;n_accordion_animation_duration&quot;:{&quot;unit&quot;:&quot;ms&quot;,&quot;size&quot;:400,&quot;sizes&quot;:[]}}\" data-widget_type=\"nested-accordion.default\">\n\t\t\t\t\t\t\t<div class=\"e-n-accordion\" aria-label=\"Accordion. Open links with Enter or Space, close with Escape, and navigate with Arrow Keys\">\n\t\t\t\t\t\t<details id=\"e-n-accordion-item-1720\" class=\"e-n-accordion-item\" >\n\t\t\t\t<summary class=\"e-n-accordion-item-title\" data-accordion-index=\"1\" tabindex=\"0\" aria-expanded=\"false\" aria-controls=\"e-n-accordion-item-1720\" >\n\t\t\t\t\t<span class='e-n-accordion-item-title-header'><div class=\"e-n-accordion-item-title-text\"> M\u00e1s informaci\u00f3n <\/div><\/span>\n\t\t\t\t\t\t\t\t\t<\/summary>\n\t\t\t\t<div role=\"region\" aria-labelledby=\"e-n-accordion-item-1720\" class=\"elementor-element elementor-element-d57530a e-con-full e-flex e-con e-child\" data-id=\"d57530a\" data-element_type=\"container\" data-e-type=\"container\">\n\t\t\t\t<div class=\"elementor-element elementor-element-0b1e44f elementor-widget elementor-widget-text-editor\" data-id=\"0b1e44f\" data-element_type=\"widget\" data-e-type=\"widget\" data-widget_type=\"text-editor.default\">\n\t\t\t\t\t\t\t\t\t<p> <\/p><p><span style=\"font-weight: 400;\">\u00bfTiene aptitudes comerciales y desea establecerse en una empresa en expansi\u00f3n de un sector estable y en r\u00e1pido crecimiento?<\/span><\/p><p><span style=\"font-weight: 400;\">UBGEN srl, empresa reconocida nacional e internacionalmente por la producci\u00f3n y distribuci\u00f3n de biomateriales en el \u00e1mbito dental, selecciona a:<\/span><\/p><p><span style=\"font-weight: 400;\">AGENTES COMERCIALES (SECTOR BIOM\u00c9DICO DENTAL).<\/span><\/p><p><span style=\"font-weight: 400;\">El recurso interactuar\u00e1 con consultas dentales y\/o distribuidores a los que propondr\u00e1 soluciones innovadoras.<\/span><\/p><p><span style=\"font-weight: 400;\">Buscamos recursos comerciales con experiencia que procedan preferentemente del sector dental o, en su defecto, del sector m\u00e9dico. Buscamos personas a las que les guste la negociaci\u00f3n comercial y que quieran destacar en un sector siempre activo y en el que un cliente nuevo suele convertirse en un comprador fiel durante a\u00f1os. La capacidad para manejar cargas de estr\u00e9s elevadas y la pasi\u00f3n por el entrenamiento personal completan el perfil.  <\/span><\/p><p><span style=\"font-weight: 400;\">Ofrecemos: colaboraci\u00f3n con un mandato exclusivo para la zona con CIF con salario fijo y altas comisiones, recorrido de crecimiento profesional, propuesta econ\u00f3mica capaz de satisfacer los perfiles m\u00e1s cualificados, posibilidad de convertirse en Area Manager. N.B. Este proceso implica una pre-evaluaci\u00f3n inicial mediante una encuesta online que ser\u00e1 enviada a tu direcci\u00f3n de correo electr\u00f3nico; s\u00f3lo los candidatos que participen en esta encuesta ser\u00e1n tenidos en cuenta para las siguientes fases del proceso de selecci\u00f3n. <\/span><\/p><p><span style=\"font-weight: 400;\">Este anuncio se dirige a ambos sexos, de conformidad con las leyes 903\/77 y 125\/91, y a personas de todas las edades y nacionalidades, de conformidad con los decretos legislativos 215\/03 y 216\/03. Contrato laboral: jornada completa, N\u00famero de IVA.<\/span><\/p>\t\t\t\t\t\t\t\t<\/div>\n\t\t\t\t<\/div>\n\t\t\t\t\t<\/details>\n\t\t\t\t\t<\/div>\n\t\t\t\t\t\t<\/div>\n\t\t\t\t<\/div>\n\t\t\t\t<\/div>\n\t\t\t\t\t<\/div>\n\t\t\t\t<\/div>\n\t\t\t\t\t<\/div>\n\t\t\t\t<\/div>\n\t\t<div class=\"elementor-element elementor-element-0007162 e-flex e-con-boxed e-con e-parent\" data-id=\"0007162\" data-element_type=\"container\" data-e-type=\"container\">\n\t\t\t\t\t<div class=\"e-con-inner\">\n\t\t\t\t<div class=\"elementor-element elementor-element-4458c76 elementor-widget elementor-widget-text-editor\" data-id=\"4458c76\" data-element_type=\"widget\" data-e-type=\"widget\" data-widget_type=\"text-editor.default\">\n\t\t\t\t\t\t\t\t\t<p><span style=\"color: #e95296;\">Solicitar ahora<\/span><\/p>\t\t\t\t\t\t\t\t<\/div>\n\t\t\t\t<div class=\"elementor-element elementor-element-c8e3157 elementor-widget elementor-widget-shortcode\" data-id=\"c8e3157\" data-element_type=\"widget\" data-e-type=\"widget\" data-widget_type=\"shortcode.default\">\n\t\t\t\t\t\t\t<div class=\"elementor-shortcode\">\n<div class=\"wpcf7 no-js\" id=\"wpcf7-f7831-o1\" lang=\"es-ES\" dir=\"ltr\" data-wpcf7-id=\"7831\">\n<div class=\"screen-reader-response\"><p role=\"status\" aria-live=\"polite\" aria-atomic=\"true\"><\/p> <ul><\/ul><\/div>\n<form action=\"\/es\/wp-json\/wp\/v2\/pages\/6897#wpcf7-f7831-o1\" method=\"post\" class=\"wpcf7-form init\" aria-label=\"Formulario de contacto\" enctype=\"multipart\/form-data\" novalidate=\"novalidate\" data-status=\"init\">\n<fieldset class=\"hidden-fields-container\"><input type=\"hidden\" name=\"_wpcf7\" value=\"7831\" \/><input type=\"hidden\" name=\"_wpcf7_version\" value=\"6.1.5\" \/><input type=\"hidden\" name=\"_wpcf7_locale\" value=\"es_ES\" \/><input type=\"hidden\" name=\"_wpcf7_unit_tag\" value=\"wpcf7-f7831-o1\" \/><input type=\"hidden\" name=\"_wpcf7_container_post\" value=\"0\" \/><input type=\"hidden\" name=\"_wpcf7_posted_data_hash\" value=\"\" \/><input type=\"hidden\" name=\"_wpcf7_recaptcha_response\" value=\"\" \/>\n<\/fieldset>\n<div class=\"form-wrapper\">\n\t<div class=\"form-column-left\">\n\t\t<p><label class=\"input-label\"><span class=\"form-label\">Nombre<\/span><span class=\"wpcf7-form-control-wrap\" data-name=\"your-nome\"><input size=\"40\" maxlength=\"400\" class=\"wpcf7-form-control wpcf7-text wpcf7-validates-as-required\" autocomplete=\"name\" aria-required=\"true\" aria-invalid=\"false\" value=\"\" type=\"text\" name=\"your-nome\" \/><\/span><\/label><br \/>\n<label class=\"input-label\"><span class=\"form-label\">Apellido<\/span><span class=\"wpcf7-form-control-wrap\" data-name=\"your-cognome\"><input size=\"40\" maxlength=\"400\" class=\"wpcf7-form-control wpcf7-text wpcf7-validates-as-required\" autocomplete=\"family-name\" aria-required=\"true\" aria-invalid=\"false\" value=\"\" type=\"text\" name=\"your-cognome\" \/><\/span><\/label><br \/>\n<label class=\"input-label\"><span class=\"form-label\">C\u00f3digo postal<\/span><span class=\"wpcf7-form-control-wrap\" data-name=\"your-cap\"><input class=\"wpcf7-form-control wpcf7-number wpcf7-validates-as-required wpcf7-validates-as-number\" aria-required=\"true\" aria-invalid=\"false\" value=\"\" type=\"number\" name=\"your-cap\" \/><\/span><\/label><br \/>\n<label class=\"input-label\"><span class=\"form-label\">Ciudad<\/span><span class=\"wpcf7-form-control-wrap\" data-name=\"your-citta\"><input size=\"40\" maxlength=\"400\" class=\"wpcf7-form-control wpcf7-text wpcf7-validates-as-required\" aria-required=\"true\" aria-invalid=\"false\" value=\"\" type=\"text\" name=\"your-citta\" \/><\/span><\/label><br \/>\n<label class=\"input-label\"><span class=\"form-label\">Pa\u00eds<\/span><span class=\"wpcf7-form-control-wrap\" data-name=\"your-nazione\"><input size=\"40\" maxlength=\"400\" class=\"wpcf7-form-control wpcf7-text wpcf7-validates-as-required\" aria-required=\"true\" aria-invalid=\"false\" value=\"\" type=\"text\" name=\"your-nazione\" \/><\/span><\/label><br \/>\n<label class=\"input-label\"><span class=\"form-label\">Tel\u00e9fono<\/span><span class=\"wpcf7-form-control-wrap\" data-name=\"your-telefono\"><input size=\"40\" maxlength=\"400\" class=\"wpcf7-form-control wpcf7-tel wpcf7-validates-as-required wpcf7-text wpcf7-validates-as-tel\" autocomplete=\"tel\" aria-required=\"true\" aria-invalid=\"false\" value=\"\" type=\"tel\" name=\"your-telefono\" \/><\/span><\/label><br \/>\n<label class=\"input-label\"><span class=\"form-label\">Correo electr\u00f3nico<\/span><span class=\"wpcf7-form-control-wrap\" data-name=\"your-email\"><input size=\"40\" maxlength=\"400\" class=\"wpcf7-form-control wpcf7-email wpcf7-validates-as-required wpcf7-text wpcf7-validates-as-email\" autocomplete=\"email\" aria-required=\"true\" aria-invalid=\"false\" value=\"\" type=\"email\" name=\"your-email\" \/><\/span><\/label><br \/>\n<label class=\"input-label\"><span class=\"form-label\">Posici\u00f3n<\/span><span class=\"wpcf7-form-control-wrap\" data-name=\"your-posizione\"><select class=\"wpcf7-form-control wpcf7-select wpcf7-validates-as-required\" aria-required=\"true\" aria-invalid=\"false\" name=\"your-posizione\"><option value=\"Operario de producci\u00f3n\">Operario de producci\u00f3n<\/option><option value=\"Jefe de producci\u00f3n\">Jefe de producci\u00f3n<\/option><option value=\"Agente comercial\">Agente comercial<\/option><option value=\"Aplicaci\u00f3n espont\u00e1nea\">Aplicaci\u00f3n espont\u00e1nea<\/option><\/select><\/span><\/label><br \/>\n<label class=\"input-label\"><span class=\"form-label\">Adjuntar CV<\/span><br \/>\n<\/label><label class=\"custom-file-upload\">Elegir archivo<span class=\"wpcf7-form-control-wrap\" data-name=\"your-cv\"><input size=\"40\" class=\"wpcf7-form-control wpcf7-file\" id=\"upload-button\" accept=\".pdf,.jpg,.png,.doc,.docx\" aria-invalid=\"false\" type=\"file\" name=\"your-cv\" \/><\/span><\/label><br \/>\n<br \/>\n<label class=\"form-letter-section\"><span class=\"form-label form-letter\">Carta de presentaci\u00f3n<\/span><span class=\"wpcf7-form-control-wrap\" data-name=\"your-lettera\"><textarea cols=\"100\" rows=\"10\" maxlength=\"2000\" class=\"wpcf7-form-control wpcf7-textarea\" aria-invalid=\"false\" placeholder=\"Redactar una carta de presentaci\u00f3n breve\" name=\"your-lettera\"><\/textarea><\/span><\/label>\n\t\t<\/p>\n\t<\/div>\n\t<div class=\"form-column-right\">\n\t\t<div class=\"policy-wrapper\">\n\t\t\t<h3>Pol\u00edtica de privacidad\n\t\t\t<\/h3>\n\t\t\t<p><textarea readonly class=\"privacy-policy\">\nMod. IREG \u2013 \u00daltima Actualizaci\u00f3n 02\/2024\nInformaci\u00f3n sobre el tratamiento de datos personales\nDe conformidad con el Art\u00edculo n. 13 del REGLAMENTO EUROPEO N. 679\/2016\nEstimado Interesado,\nUBGEN SRL, en calidad de Responsable del tratamiento de datos, de conformidad con el Art\u00edculo n. 13 del Reglamento Europeo n. 679\/2016 \"General Data Protection Regulation (GDPR)\" (en adelante Reglamento UE), que establece disposiciones en materia de tratamiento de datos personales, desea informarle sobre el tratamiento de sus datos personales. \nLa normativa establece que cualquier entidad que realice tratamientos de datos personales debe informar al interesado sobre los datos tratados y los elementos que caracterizan dicho tratamiento, que en todo caso debe realizarse de manera l\u00edcita, correcta y transparente, garantizando la privacidad y protegiendo los derechos del interesado.\nSe especifica que por tratamiento de datos se entiende cualquier operaci\u00f3n o conjunto de operaciones relacionadas con la recopilaci\u00f3n, registro, organizaci\u00f3n, conservaci\u00f3n, consulta, elaboraci\u00f3n, modificaci\u00f3n, selecci\u00f3n, extracci\u00f3n, comparaci\u00f3n, uso, interconexi\u00f3n, bloqueo, comunicaci\u00f3n, difusi\u00f3n o destrucci\u00f3n de los datos.\n1.Responsable del tratamiento de datos\nEl Responsable del tratamiento de datos es UBGEN S.R.L., con domicilio legal en Via Regia 71, 35010, Vigonza (PD) y sede operativa en Viale del Lavoro 14, 35010, Vigonza (PD), C.F. y P.IVA: 04750480289, y se puede contactar a trav\u00e9s de los siguientes medios:\nTel\u00e9fono: +39 049 628630\nCorreo electr\u00f3nico: privacy@ubgen.it\n2. Naturaleza de los datos tratados, Finalidad y Base jur\u00eddica del tratamiento\nNaturaleza de los datos tratados.\nEn relaci\u00f3n con las finalidades del tratamiento indicadas a continuaci\u00f3n, se informa que ser\u00e1n tratados \u00fanicamente \"datos personales comunes\", tales como:\n\u2022 Datos identificativos de la empresa (raz\u00f3n social, n\u00famero de IVA, C.F., tipo de empresa, direcci\u00f3n, tel\u00e9fono, correo electr\u00f3nico, etc.);\n\u2022 Datos personales del representante de la empresa y del responsable legal (nombre, apellidos, etc.);\n\u2022 etc.\nFinalidad del tratamiento.\nSus datos personales ser\u00e1n tratados para las siguientes finalidades:\nA. Satisfacer su solicitud de registro en nuestro sitio y, por lo tanto, para la creaci\u00f3n de una cuenta personal, mediante la cumplimentaci\u00f3n del formulario correspondiente en esta p\u00e1gina;\nB. Gestionar las relaciones precontractuales y contractuales;\nC. Cumplir con las obligaciones legales;\nD. Marketing: para enviarle material publicitario, venta directa, realizaci\u00f3n de estudios de mercado y comunicaciones comerciales y promocionales. \n\nBase jur\u00eddica del tratamiento\nLos datos personales, para las finalidades indicadas en los puntos 2A, 2B y 2C, ser\u00e1n tratados respectivamente:\npara la persecuci\u00f3n de un inter\u00e9s leg\u00edtimo del Responsable del tratamiento (art. 6, p\u00e1rr. 1, letra f del Reglamento UE);\npara la ejecuci\u00f3n de un contrato del que el interesado es parte o para la ejecuci\u00f3n de medidas precontractuales adoptadas a solicitud del mismo (art. 6, p\u00e1rr. 1, letra b del Reglamento UE);\npara cumplir con una obligaci\u00f3n legal a la que est\u00e1 sujeto el Responsable del tratamiento (art. 6, p\u00e1rr. 1, letra c del Reglamento UE). \nSus datos personales, para las finalidades indicadas en el punto 2D de la presente informaci\u00f3n, podr\u00e1n ser tratados l\u00edcitamente \u00fanicamente con su consentimiento previo (art. 6, p\u00e1rr. 1, letra a del Reglamento UE), el cual deber\u00e1 ser espec\u00edfico, separado, expreso, documentado, previo y totalmente opcional.\nEl consentimiento que usted otorgue podr\u00e1 ser revocado en cualquier momento, sin que ello afecte la licitud del tratamiento basado en el consentimiento prestado antes de su revocaci\u00f3n (art. 7, p\u00e1rr. 3 del Reglamento UE).\nAdem\u00e1s, se informa al interesado que, conforme al art. 21 del Reglamento UE, tiene derecho a oponerse en cualquier momento al tratamiento de sus datos personales realizado con fines de marketing directo (incluida la elaboraci\u00f3n de perfiles). En caso de que el interesado se oponga al tratamiento, sus datos ya no podr\u00e1n ser tratados para tales fines. \nPrecisi\u00f3n: siguiendo el principio de m\u00e1xima transparencia hacia el interesado, distintivo de nuestra empresa, deseamos informarle que, en caso de que decida prestar su consentimiento para el punto 2D (marketing), deber\u00e1 ser previamente informado y consciente de que las finalidades del tratamiento perseguido son de naturaleza comercial, publicitaria, promocional y de marketing en sentido amplio, tales como: \n1. Enviar material publicitario e informativo (ej. newsletters) con car\u00e1cter promocional; \n2. Enviar informaci\u00f3n comercial a trav\u00e9s de medios f\u00edsicos, automatizados o electr\u00f3nicos, en particular mediante correo postal, correo electr\u00f3nico, llamadas telef\u00f3nicas (incluidas llamadas, mensajes de WhatsApp, SMS, MMS), fax y cualquier otro canal digital (ej. sitios web, aplicaciones m\u00f3viles);\n3. Enviar invitaciones a eventos, ferias y reuniones de car\u00e1cter informativo y promocional;\n4. Enviar comunicaciones de actualizaci\u00f3n sobre iniciativas promocionales, novedades t\u00e9cnicas, servicios, formaci\u00f3n o asistencia, y\/o realizar encuestas de satisfacci\u00f3n sobre la calidad del servicio.\n3. Destinatarios de los datos y Modalidad de tratamiento Existencia de un proceso de decisi\u00f3n automatizado, incluida la elaboraci\u00f3n de perfiles\nEl tratamiento de sus datos personales se llevar\u00e1 a cabo conforme a los principios de correcci\u00f3n, licitud y transparencia, y podr\u00e1 realizarse mediante herramientas f\u00edsicas y electr\u00f3nicas, tanto por el personal de la empresa responsable del tratamiento de los datos personales, como por terceros designados para realizar tareas espec\u00edficas en nombre del Responsable del tratamiento, en calidad de Encargados del tratamiento, conforme al art. 28 del Reglamento UE.\nEstos encargados estar\u00e1n sujetos a una carta de compromiso, que les impone el deber de confidencialidad y seguridad en el tratamiento de los datos personales, as\u00ed como la adopci\u00f3n de medidas de seguridad adecuadas para prevenir la p\u00e9rdida de datos, usos il\u00edcitos o incorrectos y accesos no autorizados, en conformidad con las disposiciones vigentes en materia de protecci\u00f3n de datos personales. \nPor brevedad, la lista detallada de estas figuras est\u00e1 disponible en la sede del Responsable del tratamiento y se encuentra a su disposici\u00f3n.\nSus datos personales no ser\u00e1n difundidos ni transferidos a pa\u00edses terceros o a organizaciones internacionales, y no ser\u00e1n comunicados a terceros, salvo que exista una obligaci\u00f3n legal o contractual.\n(Se especifica que dentro de las obligaciones contractuales se incluye la comunicaci\u00f3n de los datos a las otras dos empresas del Grupo, espec\u00edficamente DENTIST EDUCATION SRL y ESSEMME COMPONENTS S.R.L., ya que sus actividades son esenciales para la completaci\u00f3n y ejecuci\u00f3n de su solicitud).\n\n4. Plazos de conservaci\u00f3n de los datos\nSus datos personales ser\u00e1n conservados durante un per\u00edodo no superior al necesario para la consecuci\u00f3n de las finalidades para las cuales son tratados, de conformidad con el principio de limitaci\u00f3n de la conservaci\u00f3n previsto por el Reglamento UE y\/o durante el tiempo necesario para el cumplimiento de obligaciones legales y contractuales, o hasta que el interesado revoque su consentimiento espec\u00edfico.\n \u25e6 Con referencia a las finalidades indicadas en los puntos 2A-2B-2C, los datos ser\u00e1n conservados durante un per\u00edodo no superior al necesario para la consecuci\u00f3n de dichas finalidades y\/o durante el tiempo estrictamente necesario para el cumplimiento de las obligaciones legales y contractuales.\n \u25e6 Con referencia a las finalidades indicadas en el punto 2D, los datos tratados con fines de marketing ser\u00e1n conservados por un per\u00edodo no superior a 24 meses desde su recopilaci\u00f3n.\n\nPara garantizar los plazos de conservaci\u00f3n declarados, se llevar\u00e1 a cabo una verificaci\u00f3n peri\u00f3dica anual sobre los datos tratados y la posibilidad de eliminarlos si ya no son necesarios para las finalidades previstas.\n5. Acceso a los datos (categor\u00edas de destinatarios a los que se pueden comunicar los datos)\nAdem\u00e1s, le informamos que los datos recopilados nunca ser\u00e1n difundidos ni comunicados sin su consentimiento expreso, salvo en los casos en los que sea necesario transferirlos a entidades p\u00fablicas, consultores u otros sujetos para el cumplimiento de obligaciones fiscales y legales o para la ejecuci\u00f3n de las finalidades indicadas (cuando est\u00e9n autorizadas), previa carta de encargo que imponga el deber de confidencialidad y seguridad en el tratamiento de los datos personales. \nDe conformidad con el art\u00edculo 13, p\u00e1rrafo 1, letra e) del Reglamento UE, se indican a continuaci\u00f3n los sujetos o categor\u00edas de sujetos (debidamente identificados e instruidos) que pueden tener conocimiento de los datos personales del usuario en calidad de responsables o encargados del tratamiento, proporcionando la siguiente lista por categor\u00edas: \n \u2022 Socios, empleados, colaboradores y proveedores del Responsable del tratamiento en Italia y en el extranjero, en su calidad de encargados\/autorizados y\/o responsables del tratamiento (ej. departamentos comercial, t\u00e9cnico, administrativo, legal, prensa; administradores de sistemas, profesionales externos, proveedores de servicios, etc.).\n \u2022 Empresas asociadas y\/o directamente vinculadas con la entidad responsable, ya que sus actividades son esenciales para la ejecuci\u00f3n\/completaci\u00f3n de lo solicitado por usted.\nSus datos personales tambi\u00e9n podr\u00e1n ser comunicados a terceros destinatarios involucrados en la gesti\u00f3n de sus expedientes y actividades, as\u00ed como a sujetos externos que interact\u00faan con la empresa responsable exclusivamente para fines funcionales a las finalidades mencionadas. Estos terceros ser\u00e1n designados como Responsables del tratamiento, de conformidad con el art\u00edculo 28 del Reglamento UE.\nPor brevedad, la lista detallada de estas figuras est\u00e1 disponible en nuestra sede y est\u00e1 a su disposici\u00f3n.\n6. e 7. Comunicaci\u00f3n y transferencia de datos\nSin la necesidad de un consentimiento expreso (art. 6, p\u00e1rr. 1, letras b), c) e f) del Reglamento UE), el Responsable del tratamiento podr\u00e1 comunicar sus datos para las finalidades indicadas en los puntos 2A a 2F a organismos de supervisi\u00f3n, autoridades judiciales y otros sujetos a quienes la comunicaci\u00f3n sea obligatoria por ley para la consecuci\u00f3n de las finalidades antes mencionadas. \nEstos sujetos tratar\u00e1n los datos en calidad de responsables aut\u00f3nomos del tratamiento.\nLos datos personales se almacenan en dispositivos ubicados en la sede del Responsable del tratamiento o en servidores de proveedores dentro de la Uni\u00f3n Europea. \nSus datos no ser\u00e1n difundidos.\nPara garantizar la seguridad de dichas transferencias, solo recurrimos a entidades que ofrecen las garant\u00edas necesarias para implementar medidas t\u00e9cnicas y organizativas adecuadas, de manera que el tratamiento realizado cumpla con lo establecido en el Reglamento UE 679\/2016. \nTanto para los datos almacenados en nuestros dispositivos, como para los datos almacenados en servidores de proveedores, el Responsable del tratamiento ha adoptado medidas t\u00e9cnicas y organizativas adecuadas para garantizar un nivel de seguridad apropiado, en pleno cumplimiento con lo indicado en el Reglamento UE.\n8. Consecuencias de la falta de comunicaci\u00f3n de los datos\nLos datos personales indicados en los puntos 2A-2B-2C de esta informaci\u00f3n son necesarios; sin ellos, nos ser\u00eda imposible proceder con el registro (creaci\u00f3n de su cuenta personal), as\u00ed como cumplir con las obligaciones contractuales y legales. \nPor el contrario, los datos personales indicados en el punto 2D son opcionales, y su negativa a proporcionarlos no tendr\u00e1 ninguna consecuencia, ni impedir\u00e1 que se procese su solicitud de registro o que se ejecuten las obligaciones contractuales y legales.\nPor lo tanto, puede decidir no proporcionar ning\u00fan dato o revocar en cualquier momento el consentimiento para el tratamiento de los datos ya proporcionados.\n9. Derechos del interesado\nEn su calidad de interesado, tiene los derechos establecidos en los art\u00edculos 15 a 22 del Reglamento UE, que se detallan a continuaci\u00f3n: \n \u2022 Obtener confirmaci\u00f3n de la existencia y tratamiento de datos personales que le conciernen y, en ese caso, acceder a dichos datos (derecho de acceso). \n \u2022 Obtener informaci\u00f3n sobre las finalidades del tratamiento, las categor\u00edas de datos tratados, los destinatarios o categor\u00edas de destinatarios a los que los datos han sido o ser\u00e1n comunicados (en particular si son destinatarios de pa\u00edses terceros u organizaciones internacionales), el per\u00edodo de conservaci\u00f3n o los criterios utilizados para determinar dicho per\u00edodo; y, si los datos no se recopilaron del interesado, obtener toda la informaci\u00f3n disponible sobre su origen.\n \u2022 Obtener la rectificaci\u00f3n de los datos inexactos que le conciernen (derecho de rectificaci\u00f3n).\n\u2022 Obtener la supresi\u00f3n de los datos que le conciernen (derecho al olvido).\n\u2022 Obtener la limitaci\u00f3n del tratamiento (derecho a la limitaci\u00f3n del tratamiento).\n\u2022 Obtener la portabilidad de los datos, es decir, recibirlos del Responsable del tratamiento en un formato estructurado, de uso com\u00fan y lectura mec\u00e1nica, y transmitirlos a otro Responsable del tratamiento sin impedimentos (derecho a la portabilidad de los datos).\n\u2022 Oponerse al tratamiento en cualquier momento (derecho de oposici\u00f3n). En particular, de acuerdo con el art\u00edculo 21 del Reglamento UE, si los datos personales son tratados con fines de marketing directo (incluida la elaboraci\u00f3n de perfiles), el interesado tiene derecho a oponerse en cualquier momento al tratamiento de los datos personales para tales fines. En caso de oposici\u00f3n, los datos personales ya no podr\u00e1n ser tratados para tales fines. \n \u2022 Ser informado (y tener la posibilidad de oponerse) de la existencia de un proceso de toma de decisiones automatizado, incluida la elaboraci\u00f3n de perfiles.\n \u2022 Revocar el consentimiento en cualquier momento, sin afectar la licitud del tratamiento basado en el consentimiento prestado antes de la revocaci\u00f3n.\n \u2022 Presentar una reclamaci\u00f3n ante una autoridad de control (Garante para la Protecci\u00f3n de los Datos Personales).\nSe especifica que pueden existir condiciones o limitaciones a los derechos del interesado. No es seguro, por ejemplo, que el derecho a la portabilidad de los datos sea aplicable en todos los casos, ya que depende de las circunstancias espec\u00edficas del tratamiento. \nOtro ejemplo: si decide oponerse al tratamiento de los datos, el Responsable del tratamiento tiene derecho a evaluar su solicitud, la cual podr\u00eda no ser aceptada en caso de motivos leg\u00edtimos imperiosos que prevalezcan sobre sus intereses, derechos y libertades.\n10. Modalidad de ejercicio de los derechos\nSin necesidad de formalidades espec\u00edficas, puede ejercer sus derechos en cualquier momento, de forma clara y expl\u00edcita, enviando:\n- Una carta certificada con acuse de recibo a la empresa (ver la direcci\u00f3n indicada en el membrete).\n- Un correo electr\u00f3nico a privacy@ubgen.it.\nO contactando directamente al Responsable del tratamiento en el n\u00famero: +39 049 628630.\nPor brevedad, la lista detallada de estos sujetos est\u00e1 disponible en nuestra sede.11. Menores\nLos servicios ofrecidos por el Responsable del tratamiento y el objeto de la relaci\u00f3n con usted no prev\u00e9n la recopilaci\u00f3n intencional de informaci\u00f3n personal de menores de edad.\nEn caso de que se registren involuntariamente datos sobre menores, el Responsable del tratamiento proceder\u00e1 a su eliminaci\u00f3n inmediata, previa solicitud o notificaci\u00f3n del interesado.12. D.P.O. (R.P.D.) \u2013 Encargados\/Autorizados \u2013 Responsables del tratamiento\nA continuaci\u00f3n, le proporcionamos algunas informaciones esenciales, no solo para cumplir con las obligaciones legales, sino tambi\u00e9n porque la transparencia y la correcci\u00f3n hacia los interesados son valores fundamentales de nuestra empresa.\nD.P.O. (Data Protection Officer) \u2013 R.P.D. (Responsable de la Protecci\u00f3n de Datos).Puede contactar con el Responsable de la Protecci\u00f3n de Datos para solicitar informaci\u00f3n, realizar consultas sobre sus datos o reportar incidencias o problemas.\nEl Responsable del tratamiento ha nombrado como Responsable de la Protecci\u00f3n de Datos al Sr. Nicola Ghinello, quien puede ser contactado a trav\u00e9s de: Tel\u00e9fono: +39 348 3165267, e-mail: nicola.ghinello@dpo-rpd.com.\nEncargados\/Autorizados: La lista actualizada de los encargados\/autorizados del tratamiento se encuentra custodiada en la sede del Responsable del tratamiento.\nResponsables del tratamiento:\nPor brevedad, la lista detallada de estos sujetos est\u00e1 disponible en nuestra sede. \n\n<\/textarea>\n\t\t\t<\/p>\n\t\t\t<div class=\"captcha-wrapper\">\n\t\t\t\t<p><input type=\"hidden\" name=\"_wpcf7_captcha_challenge_captcha-170\" value=\"303621279\" \/><img decoding=\"async\" class=\"wpcf7-form-control wpcf7-captchac wpcf7-captcha-captcha-170\" width=\"72\" height=\"24\" alt=\"captcha\" src=\"https:\/\/ubgen.com\/wp-content\/uploads\/wpcf7_captcha\/303621279.png\" \/><br \/>\n<span class=\"wpcf7-form-control-wrap\" data-name=\"captcha-170\"><input size=\"4\" maxlength=\"4\" class=\"wpcf7-form-control wpcf7-captchar\" autocomplete=\"off\" aria-invalid=\"false\" value=\"\" type=\"text\" name=\"captcha-170\" \/><\/span>\n\t\t\t\t<\/p>\n\t\t\t<\/div>\n\t\t\t<p><span class=\"wpcf7-form-control-wrap\" data-name=\"accept-policy\"><span class=\"wpcf7-form-control wpcf7-checkbox wpcf7-validates-as-required\" id=\"acceptance-checkbox\"><span class=\"wpcf7-list-item first last\"><input type=\"checkbox\" name=\"accept-policy[]\" value=\"He le\u00eddo y acepto la pol\u00edtica de privacidad.\" \/><span class=\"wpcf7-list-item-label\">He le\u00eddo y acepto la pol\u00edtica de privacidad.<\/span><\/span><\/span><\/span>\n\t\t\t<\/p>\n\t\t<\/div>\n\t\t<div class=\"send-button-wrapper\">\n\t\t\t<p><input class=\"wpcf7-form-control wpcf7-submit has-spinner\" type=\"submit\" value=\"Enviar\" \/>\n\t\t\t<\/p>\n\t\t<\/div>\n\t<\/div>\n<\/div><div class=\"wpcf7-response-output\" aria-hidden=\"true\"><\/div>\n<\/form>\n<\/div>\n<\/div>\n\t\t\t\t\t\t<\/div>\n\t\t\t\t\t<\/div>\n\t\t\t\t<\/div>\n\t\t\t\t<\/div>\n\t\t","protected":false},"excerpt":{"rendered":"<p>DESCUBRA NUESTRASOPORTUNIDADESDE EMPLEO Buscamos nuevos talentosdispuestos a marcar la diferencia. Lugar de trabajo: Vigonza (PD) \/ Fecha de publicaci\u00f3n: 10\/02\/2025 Operario de producci\u00f3n \u00c1rea: Biomateriales para la regeneraci\u00f3n de tejidos en odontolog\u00eda Tipo de contrato: Jornada completa, con disponibilidad para trabajar a turnos. M\u00e1s informaci\u00f3n UBGEN srl es una empresa italiana especializada en el desarrollo [&#8230;]<\/p>\n<p><a class=\"btn btn-secondary understrap-read-more-link\" href=\"https:\/\/ubgen.com\/es\/trabaja-con-nosotros\/\">Leer m\u00e1s&#8230;<span class=\"screen-reader-text\"> from Trabaja con nosotros<\/span><\/a><\/p>\n","protected":false},"author":7,"featured_media":0,"parent":0,"menu_order":0,"comment_status":"closed","ping_status":"closed","template":"","meta":{"_acf_changed":false,"footnotes":""},"class_list":["post-6897","page","type-page","status-publish","hentry"],"acf":[],"_links":{"self":[{"href":"https:\/\/ubgen.com\/es\/wp-json\/wp\/v2\/pages\/6897","targetHints":{"allow":["GET"]}}],"collection":[{"href":"https:\/\/ubgen.com\/es\/wp-json\/wp\/v2\/pages"}],"about":[{"href":"https:\/\/ubgen.com\/es\/wp-json\/wp\/v2\/types\/page"}],"author":[{"embeddable":true,"href":"https:\/\/ubgen.com\/es\/wp-json\/wp\/v2\/users\/7"}],"replies":[{"embeddable":true,"href":"https:\/\/ubgen.com\/es\/wp-json\/wp\/v2\/comments?post=6897"}],"version-history":[{"count":15,"href":"https:\/\/ubgen.com\/es\/wp-json\/wp\/v2\/pages\/6897\/revisions"}],"predecessor-version":[{"id":7930,"href":"https:\/\/ubgen.com\/es\/wp-json\/wp\/v2\/pages\/6897\/revisions\/7930"}],"wp:attachment":[{"href":"https:\/\/ubgen.com\/es\/wp-json\/wp\/v2\/media?parent=6897"}],"curies":[{"name":"wp","href":"https:\/\/api.w.org\/{rel}","templated":true}]}}