{"id":10818,"date":"2024-05-06T17:08:00","date_gmt":"2024-05-06T15:08:00","guid":{"rendered":"https:\/\/ubgen.com\/evento\/congresso-internacional-ubgen\/"},"modified":"2025-06-17T11:23:40","modified_gmt":"2025-06-17T09:23:40","slug":"congresso-internacional-ubgen","status":"publish","type":"eventos","link":"https:\/\/ubgen.com\/pt-pt\/evento\/congresso-internacional-ubgen\/","title":{"rendered":"CONGRESSO INTERNACIONAL UBGEN"},"content":{"rendered":"","protected":false},"featured_media":9799,"parent":0,"template":"","category_eventos":[44],"class_list":["post-10818","eventos","type-eventos","status-publish","has-post-thumbnail","hentry","category_eventos-formazione-pt-pt"],"acf":{"event_name":"CONGRESSO INTERNACIONAL UBGEN  ","event_single_post_hero_text":"<p class=\"single-news-pretitle thin-text\"><strong><span class=\"pink-mask\" style=\"color: #e95296;\">UBGEN<sup style=\"font-size: 20px; top: -1em;\">\u00ae<\/sup><\/span><\/strong><\/p>\n<p class=\"single-news-title\"><strong>CONGRESSO INTERNACIONAL<\/strong><\/p>","event_location_text":"Istambul, Turquia","event_date_text":"6 DE MAIO DE 2025","event_start_date":"20250506","event_end_date":null,"event_thumbnail_image":"","event_description":"<p data-start=\"0\" data-end=\"368\" data-is-last-node=\"\" data-is-only-node=\"\">Um congresso internacional que re\u00fane mentes brilhantes e figuras influentes no mundo da medicina dent\u00e1ria! O Congresso Internacional UBGEN\u00ae \u00e9 uma oportunidade inovadora para os l\u00edderes de opini\u00e3o, distribuidores e profissionais se encontrarem, trocarem ideias e explorarem as \u00faltimas inova\u00e7\u00f5es na ind\u00fastria dent\u00e1ria. <\/p>\n<strong style=\"color: var(--bs-body-color); font-family: var(--bs-body-font-family); font-size: var(--bs-body-font-size); text-align: var(--bs-body-text-align); background-color: var(--bs-body-bg);\">Oradores:<\/strong> Dr. Stefano Parma Benfenati, Prof. Angelo Cardarelli, Dr. Michele Melillo\n<strong>L\u00edngua:<\/strong> ingl\u00eas\n<strong>N\u00edvel:<\/strong> Intermedi\u00e1rio\/Avan\u00e7ado\n\n<em><strong>*Evento privado  <\/strong><\/em>","event_post_card_color":"purple-style","event_tutor":"Dr. Stefano Parma Benfenati, Prof. Angelo Cardarelli, Dr. Michele Melillo  ","event_tutor_picture":"","event_address":"Istambul, Turquia","event_expo_address_detail":"Hotel Sofitel Istanbul Taksim","event_expo_address_link_text":"Visita il Sito dell\u2019Evento","event_expo_address_link":"","event-pdf":9804,"event_researcher_website":"https:\/\/ubgen.com\/international-researchers\/","event_info_text_1":"<strong><span style=\"color: #764896;\">M\u00c9TODO E ORGANIZA\u00c7\u00c3O<\/span><\/strong>\nO Congresso Internacional UBGEN\u00ae \u00e9 um evento privado organizado em coopera\u00e7\u00e3o com o nosso revendedor russo. Estruturado como um dia intensivo de forma\u00e7\u00e3o e discuss\u00e3o, o programa inclui palestras de especialistas de renome internacional. Sess\u00f5es te\u00f3ricas aprofundadas, sess\u00f5es de discuss\u00e3o interactivas e um painel de discuss\u00e3o asseguram uma experi\u00eancia de aprendizagem abrangente e din\u00e2mica, promovendo a troca de conhecimentos entre profissionais.  ","event_info_text_2":"<strong><span style=\"color: #764896;\">T\u00d3PICOS E M\u00d3DULOS<\/span><\/strong>\nO congresso ir\u00e1 abranger as mais recentes inova\u00e7\u00f5es em Regenera\u00e7\u00e3o \u00d3ssea Guiada (ROG), integra\u00e7\u00e3o de biomateriais, solu\u00e7\u00f5es cir\u00fargicas avan\u00e7adas e tecnologias magnetodin\u00e2micas. Os participantes ir\u00e3o explorar estrat\u00e9gias inovadoras para a cirurgia oral e a reconstru\u00e7\u00e3o \u00f3ssea, com sess\u00f5es dedicadas \u00e0 pr\u00e1tica cl\u00ednica e \u00e0 gest\u00e3o de tecidos. ","event_days_accordion":[{"accordion_title":"Objetivo","accordion_content":"O objetivo do evento \u00e9 criar uma oportunidade para que os l\u00edderes de opini\u00e3o, distribuidores e profissionais se encontrem e troquem ideias e se mantenham a par das t\u00e9cnicas dent\u00e1rias mais avan\u00e7adas. O congresso visa fornecer conhecimentos actualizados e estrat\u00e9gias inovadoras para melhorar a qualidade dos cuidados dent\u00e1rios. "},{"accordion_title":"Programa do evento","accordion_content":"<p data-start=\"0\" data-end=\"49\">08.45 - 09.00<br data-start=\"13\" data-end=\"16\"><strong data-start=\"16\" data-end=\"47\">Boas-vindas e registo<\/strong><\/p>\n<p data-start=\"51\" data-end=\"214\">09.00 - 10.30<br data-start=\"64\" data-end=\"67\"> Evolu\u00e7\u00e3o da<strong data-start=\"67\" data-end=\"170\">Regenera\u00e7\u00e3o \u00d3ssea Guiada: Dominar os Biomateriais para Resultados Previs\u00edveis<\/strong><br data-start=\"170\" data-end=\"173\"><em data-start=\"173\" data-end=\"212\">Stefano Parma Benfenati MD, DDS, MScD<\/em><\/p>\n<p data-start=\"216\" data-end=\"249\">10.30 - 11.00<br data-start=\"229\" data-end=\"232\"><strong data-start=\"232\" data-end=\"247\">Pausa para caf\u00e9<\/strong><\/p>\n<p data-start=\"251\" data-end=\"390\">11.00 - 12.30<br data-start=\"264\" data-end=\"267\"><strong data-start=\"267\" data-end=\"364\">Simplificar os desafios cir\u00fargicos: Tecnologia Magnetodin\u00e2mica e Integra\u00e7\u00e3o de Biomateriais<\/strong><br data-start=\"364\" data-end=\"367\"><em data-start=\"367\" data-end=\"388\">Michele Melillo DDS<\/em><\/p>\n<p data-start=\"392\" data-end=\"425\">12.30 - 14.00<br data-start=\"405\" data-end=\"408\"><strong data-start=\"408\" data-end=\"423\">Almo\u00e7o ligeiro<\/strong><\/p>\n<p data-start=\"427\" data-end=\"536\">14.00 - 15.30<br data-start=\"440\" data-end=\"443\"><strong data-start=\"443\" data-end=\"508\">Solu\u00e7\u00f5es inovadoras em cirurgia oral e reconstru\u00e7\u00e3o \u00f3ssea<\/strong><br data-start=\"508\" data-end=\"511\"><em data-start=\"511\" data-end=\"534\">Angelo Cardarelli DDS<\/em><\/p>\n<p data-start=\"538\" data-end=\"571\">15.30 - 16.00<br data-start=\"551\" data-end=\"554\"><strong data-start=\"554\" data-end=\"569\">Pausa para caf\u00e9<\/strong><\/p>\n<p data-start=\"573\" data-end=\"722\">16.00 - 17.30<br data-start=\"586\" data-end=\"589\"><strong data-start=\"589\" data-end=\"678\">Mesa redonda interactiva: Perspectivas e estrat\u00e9gias na regenera\u00e7\u00e3o de tecidos<\/strong><br data-start=\"678\" data-end=\"681\"><em data-start=\"681\" data-end=\"720\">Parma Benfenati, Melillo & Cardarelli<\/em><\/p>\n<p data-start=\"724\" data-end=\"751\" data-is-last-node=\"\" data-is-only-node=\"\">18.00<br data-start=\"729\" data-end=\"732\"><strong data-start=\"732\" data-end=\"751\" data-is-last-node=\"\">Observa\u00e7\u00f5es finais<\/strong><\/p>"}],"event_name_single_info":"<span class=\"thin-text\"><sup>UBGEN\u00ae<\/sup><\/span>\nCONGRESSO INTERNACIONAL","event_single_picture_1":9789,"event_single_picture_2":9793,"event_single_picture_2_caption":"","event_start":"20250506"},"_links":{"self":[{"href":"https:\/\/ubgen.com\/pt-pt\/wp-json\/wp\/v2\/eventos\/10818","targetHints":{"allow":["GET"]}}],"collection":[{"href":"https:\/\/ubgen.com\/pt-pt\/wp-json\/wp\/v2\/eventos"}],"about":[{"href":"https:\/\/ubgen.com\/pt-pt\/wp-json\/wp\/v2\/types\/eventos"}],"version-history":[{"count":1,"href":"https:\/\/ubgen.com\/pt-pt\/wp-json\/wp\/v2\/eventos\/10818\/revisions"}],"predecessor-version":[{"id":10854,"href":"https:\/\/ubgen.com\/pt-pt\/wp-json\/wp\/v2\/eventos\/10818\/revisions\/10854"}],"wp:featuredmedia":[{"embeddable":true,"href":"https:\/\/ubgen.com\/pt-pt\/wp-json\/wp\/v2\/media\/9799"}],"wp:attachment":[{"href":"https:\/\/ubgen.com\/pt-pt\/wp-json\/wp\/v2\/media?parent=10818"}],"wp:term":[{"taxonomy":"category_eventos","embeddable":true,"href":"https:\/\/ubgen.com\/pt-pt\/wp-json\/wp\/v2\/category_eventos?post=10818"}],"curies":[{"name":"wp","href":"https:\/\/api.w.org\/{rel}","templated":true}]}}